{"version":"1.0","type":"rich","provider_name":"Bj\u00f6rk.fr \u2013 Site francophone d\u00e9di\u00e9 \u00e0 Bj\u00f6rk&nbsp;: musique, clips et actualit\u00e9s","provider_url":"https:\/\/www.bjork.fr","title":"4\u00e8me report pour les concerts islandais","author_name":"sofftchevaliers","width":"480","height":"315","url":"http:\/\/www.bjork.fr\/4eme-report-pour-les-concerts-islandais","html":"\u003Ch4 class='title'\u003E\u003Ca href='http:\/\/www.bjork.fr\/4eme-report-pour-les-concerts-islandais'\u003E4\u00e8me report pour les concerts islandais\u003C\/a\u003E\u003C\/h4\u003E\u003Cblockquote class='spip'\u003E\n\u003Cp\u003ELes concerts islandais initialement pr\u00e9vus en ao\u00fbt 2020, puis repouss\u00e9s \u00e0 septembre 2020 pour ensuite \u00eatre reprogramm\u00e9s au printemps 2021 et finalement d\u00e9plac\u00e9s \u00e0 l\u2019\u00e9t\u00e9 2021, subissent de nouveau les cons\u00e9quences de la crise sanitaire. \n\u003Cbr class='autobr' \/\u003E\nL\u2019Islande conna\u00eet depuis mi-juillet une forte hausse \u00e9pid\u00e9mique. Compte tenu de la recrudescence de cas, les autorit\u00e9s islandaises ont r\u00e9instaur\u00e9 des mesures de restriction. La courbe amorce une d\u00e9crue depuis une quinzaine de jours. Source&nbsp;: Le Monde \n\u003Cbr class='autobr' \/\u003E\nVoici&nbsp;(\u2026)\u003C\/p\u003E\n\u003C\/blockquote\u003E\n"}