{"version":"1.0","type":"rich","provider_name":"Bj\u00f6rk.fr \u2013 Site francophone d\u00e9di\u00e9 \u00e0 Bj\u00f6rk&nbsp;: musique, clips et actualit\u00e9s","provider_url":"https:\/\/www.bjork.fr","title":"Bj\u00f6rk en couverture de The Observer Magazine","author_name":"sofftchevaliers","width":"480","height":"315","url":"http:\/\/www.bjork.fr\/Bjork-en-couverture-de-The-Observer-Magazine","html":"\u003Ch4 class='title'\u003E\u003Ca href='http:\/\/www.bjork.fr\/Bjork-en-couverture-de-The-Observer-Magazine'\u003EBj\u00f6rk en couverture de The Observer Magazine\u003C\/a\u003E\u003C\/h4\u003E\u003Cblockquote class='spip'\u003E\n\u003Cp\u003EBj\u00f6rk fait la une de The Observer Magazine avec une s\u00e9rie de photos sign\u00e9es Vidar Logi. Dans un article sign\u00e9 Rebecca Nicholson, elle r\u00e9v\u00e8le les multiples facettes de sa personnalit\u00e9, se d\u00e9crivant comme une artiste, une activiste, une introvertie, une optimiste et bien plus encore. \n\u003Cbr class='autobr' \/\u003E\nL\u2019artiste revient sur son ambitieux projet Cornucopia, partageant ses r\u00e9flexions sur sa carri\u00e8re, sa vision artistique et son \u00e9quilibre de vie. \n\u003Cbr class='autobr' \/\u003E\nAncr\u00e9e en Islande, Bj\u00f6rk m\u00e8ne une existence discr\u00e8te lorsqu\u2019elle&nbsp;(\u2026)\u003C\/p\u003E\n\u003C\/blockquote\u003E\n"}