{"version":"1.0","type":"rich","provider_name":"Bj\u00f6rk.fr \u2013 Site francophone d\u00e9di\u00e9 \u00e0 Bj\u00f6rk&nbsp;: musique, clips et actualit\u00e9s","provider_url":"https:\/\/www.bjork.fr","title":"Lyonmag.com","author_name":"","width":"480","height":"315","url":"http:\/\/www.bjork.fr\/Lyonmag-com","html":"\u003Ch4 class='title'\u003E\u003Ca href='http:\/\/www.bjork.fr\/Lyonmag-com'\u003ELyonmag.com\u003C\/a\u003E\u003C\/h4\u003E\u003Cblockquote class='spip'\u003E\n\u003Cp\u003ELa f\u00e9e islandaise, beaut\u00e9 diaphane et voix cristalline, s\u2019est pos\u00e9e samedi soir \u00e0 Lyon. Une parenth\u00e8se enchant\u00e9e dans l\u2019\u00e9dition 2012 des Nuits de Fourvi\u00e8re, pour un spectacle \u00e9poustouflant d\u20181h45 devant les 4 500 spectateurs du th\u00e9\u00e2tre antique. \n\u003Cbr class='autobr' \/\u003E\nEt dire que Bj\u00f6rk aurait pu ne jamais voir Fourvi\u00e8re. De l\u2019aveu m\u00eame du directeur des Nuits de Fourvi\u00e8re Dominique Delorme, sa venue \u00e0 Lyon est le fruit d\u2019un labeur de plusieurs ann\u00e9es avec ses \u00e9quipes. Une approche de longue haleine qui s\u2019est&nbsp;(\u2026)\u003C\/p\u003E\n\u003C\/blockquote\u003E\n"}