{"version":"1.0","type":"rich","provider_name":"Bj\u00f6rk.fr \u2013 Site francophone d\u00e9di\u00e9 \u00e0 Bj\u00f6rk&nbsp;: musique, clips et actualit\u00e9s","provider_url":"https:\/\/www.bjork.fr","title":"Nu flyver Anton","author_name":"benjicok","width":"480","height":"315","url":"http:\/\/www.bjork.fr\/Nu-flyver-Anton","html":"\u003Ch4 class='title'\u003E\u003Ca href='http:\/\/www.bjork.fr\/Nu-flyver-Anton'\u003ENu flyver Anton\u003C\/a\u003E\u003C\/h4\u003E\u003Cblockquote class='spip'\u003E\u003Ch2 class=\"spip\"\u003ECD Promo\u003C\/h2\u003E\n\u003Cp\u003E\u003Cspan class='spip_document_9676 spip_documents spip_documents_center'\u003E\u003Ca href=\"IMG\/jpg\/cd-anton-promo.jpg\"\n type=\"image\/jpeg\"\u003E\u003Cimg src='local\/cache-vignettes\/L150xH150\/cd-anton-promo-14792.jpg' width='150' height='150' alt='JPEG' \/\u003E\u003C\/a\u003E\u003C\/span\u003E\u003Cbr class='autobr' \/\u003E\n01. \u00d8del\u00e6ggelse (2:01)\t\u003Cbr class='autobr' \/\u003E\n02. Intro (1:40\t)\u003Cbr class='autobr' \/\u003E\n03. Jagten\t(0:47)\u003Cbr class='autobr' \/\u003E\n04. Mareridt (1:17)\u003Cbr class='autobr' \/\u003E\n05. \u003Cstrong\u003ENu Flyver Anton\u003C\/strong\u003E (3:41)\u003C\/p\u003E\u003C\/blockquote\u003E\n"}