{"version":"1.0","type":"rich","provider_name":"Bj\u00f6rk.fr \u2013 Site francophone d\u00e9di\u00e9 \u00e0 Bj\u00f6rk&nbsp;: musique, clips et actualit\u00e9s","provider_url":"https:\/\/www.bjork.fr","title":"Les dates de la r\u00e9sidence Cornucopia ","author_name":"sofftchevaliers","width":"480","height":"315","url":"http:\/\/www.bjork.fr\/dates-residence-Cornucopia-new-york-mai-2019","html":"\u003Ch4 class='title'\u003E\u003Ca href='http:\/\/www.bjork.fr\/dates-residence-Cornucopia-new-york-mai-2019'\u003ELes dates de la r\u00e9sidence Cornucopia \u003C\/a\u003E\u003C\/h4\u003E\u003Cblockquote class='spip'\u003E\n\u003Cp\u003EAnnonc\u00e9e en novembre, la r\u00e9sidence Cornucopia s\u2019\u00e9talera sur 8 concerts. \n\u003Cbr class='autobr' \/\u003E\nBj\u00f6rk se produira sur la sc\u00e8ne The McCourt du nouveau centre culturel new yorkais The Shed du 6 mai au 1er Juin 2019 avec un spectacle d\u20191h40. \n\u003Cbr class='autobr' \/\u003E\nLes dates viennent d\u2019\u00eatre d\u00e9voil\u00e9es&nbsp;: \n\u003Cbr class='autobr' \/\u003E\n\u2013 6 mai 2019 \u00e0 19h\n\u003Cbr class='autobr' \/\u003E\n\u2013 9 mai 2019 \u00e0 20h\t\n\u003Cbr class='autobr' \/\u003E\n\u2013 12 mai 2019 \u00e0 19h\n\u003Cbr class='autobr' \/\u003E\n\u2013 16 mai 2019 \u00e0 20h\t\n\u003Cbr class='autobr' \/\u003E\n\u2013 22 mai 2019 \u00e0 19h\n\u003Cbr class='autobr' \/\u003E\n\u2013 25 mai 2019 \u00e0 20h\t\n\u003Cbr class='autobr' \/\u003E\n\u2013 28 mai 2019 \u00e0 19h\u003C\/p\u003E\n\u003C\/blockquote\u003E\n"}