{"version":"1.0","type":"rich","provider_name":"Bj\u00f6rk.fr \u2013 Site francophone d\u00e9di\u00e9 \u00e0 Bj\u00f6rk&nbsp;: musique, clips et actualit\u00e9s","provider_url":"https:\/\/www.bjork.fr","title":"Bj\u00f6rk&nbsp;: Echolalia ","author_name":"sofftchevaliers","width":"480","height":"315","url":"https:\/\/www.bjork.fr\/Bjork-Echolalia","html":"\u003Ch4 class='title'\u003E\u003Ca href='https:\/\/www.bjork.fr\/Bjork-Echolalia'\u003EBj\u00f6rk&nbsp;: Echolalia \u003C\/a\u003E\u003C\/h4\u003E\u003Cblockquote class='spip'\u003E\n\u003Cp\u003EDu 30 mai au 21 septembre 2026, la National Gallery of Iceland pr\u00e9sente Echolalia, une exposition immersive consacr\u00e9e \u00e0 Bj\u00f6rk. \n\u003Cbr class='autobr' \/\u003E\nPens\u00e9e comme un parcours sensoriel, l\u2019exposition met en lumi\u00e8re son travail multim\u00e9dia et collaboratif, \u00e0 travers des \u0153uvres qui m\u00ealent musique, image et espace. \n\u003Cbr class='autobr' \/\u003E\nBj\u00f6rk a r\u00e9cemment pr\u00e9cis\u00e9 que Echolalia n\u2019est pas le titre de son prochain album, mais le nom d\u2019une exposition con\u00e7ue comme une &#8220;umbrella&#8221; r\u00e9unissant r\u00e9interpr\u00e9tations et nouvelles cr\u00e9ations. \n\u003Cbr class='autobr' \/\u003E\nPr\u00e9sent\u00e9e&nbsp;(\u2026)\u003C\/p\u003E\n\u003C\/blockquote\u003E\n"}