{"version":"1.0","type":"rich","provider_name":"Bj\u00f6rk.fr \u2013 Site francophone d\u00e9di\u00e9 \u00e0 Bj\u00f6rk&nbsp;: musique, clips et actualit\u00e9s","provider_url":"https:\/\/www.bjork.fr","title":"Bj\u00f6rk &amp; Gabriela dans Num\u00e9ro","author_name":"","width":"480","height":"315","url":"https:\/\/www.bjork.fr\/Bjork-Gabriela-dans-Numero,4848","html":"\u003Ch4 class='title'\u003E\u003Ca href='https:\/\/www.bjork.fr\/Bjork-Gabriela-dans-Numero,4848'\u003EBj\u00f6rk &amp; Gabriela dans Num\u00e9ro\u003C\/a\u003E\u003C\/h4\u003E\u003Cblockquote class='spip'\u003E\n\u003Cp\u003EDans le dernier num\u00e9ro du magazine de mode Num\u00e9ro, on retrouve  Bj\u00f6rk et Gabr\u00edela Fridriksd\u00f3ttir en interview. Lors de cet entretien, les deux islandaises \u00e9voquent l\u2019\u00e9criture, la technologie, leurs collaborations, leurs projets et pour finir plusieurs questions sur Drawing Restraint 9. Extraits&nbsp;: \n\u003Cbr class='autobr' \/\u003E\nBj\u00f6rk, quel est le premier album que vous ayez enregistr\u00e9 sur portable&nbsp;? \n\u003Cbr class='autobr' \/\u003E\nBj\u00f6rk&nbsp;: Vespertine. \u00e7a me fait sourire quand j\u2019y repense maintenant&nbsp;: je me revois utiliser ce petit micro et y murmurant&nbsp;(\u2026)\u003C\/p\u003E\n\u003C\/blockquote\u003E\n"}