{"version":"1.0","type":"rich","provider_name":"Bj\u00f6rk.fr \u2013 Site francophone d\u00e9di\u00e9 \u00e0 Bj\u00f6rk&nbsp;: musique, clips et actualit\u00e9s","provider_url":"https:\/\/www.bjork.fr","title":"Bj\u00f6rk en couverture des Inrockuptibles","author_name":"","width":"480","height":"315","url":"https:\/\/www.bjork.fr\/Bjork-en-couverture-des-Inrockuptibles","html":"\u003Ch4 class='title'\u003E\u003Ca href='https:\/\/www.bjork.fr\/Bjork-en-couverture-des-Inrockuptibles'\u003EBj\u00f6rk en couverture des Inrockuptibles\u003C\/a\u003E\u003C\/h4\u003E\u003Cblockquote class='spip'\u003E\n\u003Cp\u003ELes Inrockuptibles mettent Bj\u00f6rk \u00e0 l\u2019honneur \u00e0 l\u2019occasion de son unique concert en France cette ann\u00e9e au festival We Love Green en fin de semaine. Au programme&nbsp;: une interview d\u2019Azzedine Fall o\u00f9 elle \u00e9voque \"ses sources d\u2019inspiration, sa collaboration avec Arca et un avenir qu\u2019elle esp\u00e8re radieux pour les prochaines g\u00e9n\u00e9rations\".\n\u003Cbr class='autobr' \/\u003E\nCot\u00e9 illustration les Inrocks ont pioch\u00e9 dans la session de Maisie Cousins. \n\u003Cbr class='autobr' \/\u003E\n\u00c0 d\u00e9couvrir le 30 mai dans les kiosques ou en digital.\u003C\/p\u003E\n\u003C\/blockquote\u003E\n"}