{"version":"1.0","type":"rich","provider_name":"Bj\u00f6rk.fr \u2013 Site francophone d\u00e9di\u00e9 \u00e0 Bj\u00f6rk&nbsp;: musique, clips et actualit\u00e9s","provider_url":"https:\/\/www.bjork.fr","title":"Journal de Montr\u00e9al","author_name":"sofftchevaliers","width":"480","height":"315","url":"https:\/\/www.bjork.fr\/Journal-de-Montreal-bjork-digital","html":"\u003Ch4 class='title'\u003E\u003Ca href='https:\/\/www.bjork.fr\/Journal-de-Montreal-bjork-digital'\u003EJournal de Montr\u00e9al\u003C\/a\u003E\u003C\/h4\u003E\u003Cblockquote class='spip'\u003E\n\u003Cp\u003EL\u2019exposition Bj\u00f6rk Digital nous aspire dans le tourbillon cr\u00e9atif de l\u2019artiste islandaise. Entre r\u00e9alit\u00e9 virtuelle, application p\u00e9dagogique et projections, Bj\u00f6rk nous d\u00e9voile toutes ses facettes avec \u00e9clat. \n\u003Cbr class='autobr' \/\u003E\n Enfiler un casque de r\u00e9alit\u00e9 virtuelle pour la premi\u00e8re fois est une exp\u00e9rience d\u00e9paysante. C\u2019est un voyage encore plus d\u00e9coiffant lorsque c\u2019est l\u2019artiste Bj\u00f6rk qui prend le contr\u00f4le de nos sens. Pr\u00e9sent\u00e9e \u00e0 la DHC\/ART Fondation pour l\u2019art contemporain, en collaboration avec la Red&nbsp;(\u2026)\u003C\/p\u003E\n\u003C\/blockquote\u003E\n"}